{"id":806,"date":"2025-11-17T13:45:38","date_gmt":"2025-11-17T12:45:38","guid":{"rendered":"https:\/\/www.langnegyed.hu\/adatkezelesi-tajekoztato\/"},"modified":"2025-12-17T22:23:40","modified_gmt":"2025-12-17T21:23:40","slug":"privacy-policy","status":"publish","type":"page","link":"https:\/\/www.langnegyed.hu\/en\/privacy-policy\/","title":{"rendered":"Privacy Policy"},"content":{"rendered":"<section class=\"l-section wpb_row adatkezelesi height_custom\"><div class=\"l-section-h i-cf\"><div class=\"g-cols vc_row via_grid cols_1 laptops-cols_inherit tablets-cols_inherit mobiles-cols_1 valign_top type_default stacking_default\"><div class=\"wpb_column vc_column_container\"><div class=\"vc_column-inner\"><h1 class=\"w-post-elm post_title us_custom_92b2762d entry-title color_link_inherit\">Privacy Policy<\/h1><div class=\"wpb_text_column\"><div class=\"wpb_wrapper\"><div class=\"entry-content clear\">\n<p><i><span>kapcsolatfelv\u00e9tel, kapcsolattart\u00e1s, aj\u00e1nlatk\u00e9r\u00e9s \u00e9rdek\u00e9ben t\u00f6rt\u00e9n\u0151 adatkezel\u00e9sr\u0151l<\/span><\/i><\/p>\n<p><span>A <\/span><b>Bayer Property Zrt.<\/b><span> (sz\u00e9khelye: 2038 S\u00f3sk\u00fat, Homokb\u00e1nya \u00fat 3.; c\u00e9gjegyz\u00e9ksz\u00e1ma: 13-10-041948, e-mail c\u00edme: info@bayerproperty.com tov\u00e1bbiakban: az \u201e<\/span><b>Adatkezel\u01511<\/b><span>\u201d) \u00e9s a <\/span><b>Southblaze Kft.<\/b><span> (sz\u00e9khelye: 1138 Budapest, V\u00e1ci \u00fat 152-158.; c\u00e9gjegyz\u00e9ksz\u00e1ma: 01-09-378975, e-mail c\u00edme: info@langnegyed.hu) tov\u00e1bbiakban: az \u201e<\/span><b>Adatkezel\u01512<\/b><span>\u201d) (Adatkezel\u01511 \u00e9s Adatkezel\u01512 a tov\u00e1bbiakban egy\u00fcttesen hivatkozva: Adatkezel\u0151k) ingatlanfejleszt\u00e9ssel, k\u00f6zvet\u00edt\u00e9ssel \u00e9s forgalmaz\u00e1ssal foglalkoz\u00f3 v\u00e1llalkoz\u00e1sok, amelyek (t\u00f6bbek k\u00f6z\u00f6tt) \u00faj\u00e9p\u00edt\u00e9s\u0171 ingatlanokat k\u00edn\u00e1lnak megv\u00e1s\u00e1rl\u00e1sra. Ennek \u00e9rdek\u00e9ben k\u00fcl\u00f6nb\u00f6z\u0151 fel\u00fcleteken hirdet\u00e9seket tesznek k\u00f6zz\u00e9, amelyre jelentkezhetnek az \u00e9rdekl\u0151d\u0151k. A kapcsolattart\u00e1s \u00e9s aj\u00e1nlatad\u00e1s \u00e9rdek\u00e9ben az Adatkezel\u0151k kezelik az \u00e9rdekl\u0151d\u0151 \u00e9rintettek szem\u00e9lyes adatait.\u00a0<\/span><\/p>\n<p><span>Az Adatkezel\u0151k k\u00f6zvetlen \u00fczletszerz\u00e9s c\u00e9lj\u00e1b\u00f3l megkereshetnek olyan szem\u00e9lyeket is, akikkel kor\u00e1bban \u00fcgyf\u00e9lkapcsolatot l\u00e9tes\u00edtettek \u00e9s a k\u00f6zvetlen \u00fczletszerz\u00e9st c\u00e9lz\u00f3 megkeres\u00e9shez hozz\u00e1j\u00e1rultak.<\/span><\/p>\n<p><span>Az \u00e9rintettek adatainak kezel\u00e9s\u00e9vel kapcsolatban Adatkezel\u0151k eleget t\u00e9ve adatv\u00e9delmi jogszab\u00e1lyok el\u0151\u00edr\u00e1sainak az al\u00e1bbiakr\u00f3l t\u00e1j\u00e9koztatja az \u00e9rintetteket:<\/span><\/p>\n<table>\n<tbody>\n<tr>\n<td><b>1.<\/b><\/td>\n<td><b>Az Adatkezel\u0151k<\/b><\/td>\n<td><b>Bayer Property Zrt., Southblaze Kft.<\/b><\/td>\n<\/tr>\n<tr>\n<td><b>2.<\/b><\/td>\n<td><b>Adatv\u00e9delmi tisztvisel\u0151<\/b><\/td>\n<td><span>az Adatkezel\u0151kn\u00e9l nem ker\u00fclt adatv\u00e9delmi tisztvisel\u0151 kijel\u00f6l\u00e9sre.<\/span><\/td>\n<\/tr>\n<tr>\n<td><b>3.<\/b><\/td>\n<td><b>\u00c9rintettek k\u00f6re<\/b><\/td>\n<td><span>az Adatkezel\u0151k \u00e1ltal meghirdetett, k\u00f6zvet\u00edtett, vagy egy\u00e9bk\u00e9nt tervezett (de az Adatkezel\u0151k \u00e1ltal m\u00e9g nem meghirdetett) beruh\u00e1z\u00e1shoz kapcsol\u00f3d\u00f3 ingatlanok ir\u00e1nt \u00e9rdekl\u0151d\u0151 szem\u00e9lyek.<\/span><\/td>\n<\/tr>\n<tr>\n<td><b>4.<\/b><\/td>\n<td><b>Az adatok forr\u00e1sa<\/b><\/td>\n<td><span>az Adatkezel\u0151k az adatokat alapvet\u0151en az \u00e9rintettekt\u0151l gy\u0171jtik, de az \u00e9rintett helyett m\u00e1s szem\u00e9lyek is megadhatj\u00e1k az \u00e9rintettek kapcsolattart\u00e1si adatait. <\/span><b>HARMADIK SZEM\u00c9LY ADATAIT KIZ\u00c1R\u00d3LAG ABBAN AZ ESETBEN LEHET MEGADNI, AMENNYIBEN AZ \u00c9RINTETT EZEN T\u00c1J\u00c9KOZTAT\u00c1ST MEGISMERTE \u00c9S AZ ADATKEZEL\u00c9SHEZ HOZZ\u00c1J\u00c1RULT!<\/b><span>\u00a0<\/span><\/td>\n<\/tr>\n<tr>\n<td><b>5.<\/b><\/td>\n<td><b>Az adatkezel\u00e9s c\u00e9lja<\/b><\/td>\n<td><span>ingatlan \u00e9rt\u00e9kes\u00edt\u00e9se, kapcsolattart\u00e1s, aj\u00e1nlat k\u00e9sz\u00edt\u00e9se az \u00e9rintettek sz\u00e1m\u00e1ra, k\u00f6zvetlen \u00fczletszerz\u00e9s.<\/span><\/td>\n<\/tr>\n<tr>\n<td><b>6.<\/b><\/td>\n<td><b>A kezelt szem\u00e9lyes adatok kateg\u00f3ri\u00e1i<\/b><\/td>\n<td>\n<ul>\n<li aria-level=\"1\"><span>n\u00e9v,<\/span><\/li>\n<li aria-level=\"1\"><span>el\u00e9rhet\u0151s\u00e9g (e-mail c\u00edm \u00e9s telefonsz\u00e1m),<\/span><\/li>\n<li aria-level=\"1\"><span>az \u00e9rintett \u00e1ltal az Adatkezel\u0151knek \u00e1tadott egy\u00e9b adatok.<\/span><\/li>\n<\/ul>\n<\/td>\n<\/tr>\n<tr>\n<td><b>7.<\/b><\/td>\n<td><b>Az adatkezel\u00e9s jogalapja<\/b><\/td>\n<td><span>GDPR 6. cikk (1) bekezd\u00e9s a) pontja, azaz az \u00e9rintettek hozz\u00e1j\u00e1rul\u00e1sa.\u00a0<\/span><\/p>\n<p><span>Az adatok megad\u00e1s\u00e1nak elmarad\u00e1sa eset\u00e9n az Adatkezel\u0151k nem tudnak t\u00e1j\u00e9koztat\u00e1st adni az ingatlanokr\u00f3l, nem tudnak aj\u00e1nlatot k\u00e9sz\u00edteni az \u00e9rintett r\u00e9sz\u00e9re.\u00a0<\/span><\/p>\n<p><span>Az Adatkezel\u0151k k\u00fcl\u00f6n hozz\u00e1j\u00e1rul\u00e1s megad\u00e1sa eset\u00e9n k\u00f6zvetlen \u00fczletszerz\u00e9s c\u00e9lj\u00e1b\u00f3l megkereshetik azon kor\u00e1bbi \u00fcgyfeleiket is, amelyek ehhez hozz\u00e1j\u00e1rultak.<\/span><\/td>\n<\/tr>\n<tr>\n<td><b>8.<\/b><\/td>\n<td><b>Adatok t\u00e1rol\u00e1s\u00e1nak id\u0151tartama<\/b><\/td>\n<td><span>A szem\u00e9lyes adatok a hozz\u00e1j\u00e1rul\u00e1s visszavon\u00e1s\u00e1ig vagy az adott projekt v\u00e9g\u00e9ig (azaz az ingatlanban tal\u00e1lhat\u00f3 valamennyi lak\u00e1s \u00e9rt\u00e9kes\u00edt\u00e9s\u00e9ig) ker\u00fclnek kezel\u00e9sre (att\u00f3l f\u00fcgg\u0151en melyikre ker\u00fcl sor kor\u00e1bban), kiv\u00e9ve, amennyiben az \u00e9rintett szerz\u0151d\u00e9st k\u00f6t az Adatkezel\u0151kkel, amely esetben az adatok m\u00e1s c\u00e9lb\u00f3l ker\u00fclnek kezel\u00e9sre.<\/span><\/p>\n<p><span>Kapcsolatfelv\u00e9tel sor\u00e1n a k\u00f6zvetlen \u00fczletszerz\u00e9s c\u00e9lj\u00e1t szolg\u00e1l\u00f3 megkeres\u00e9shez t\u00f6rt\u00e9n\u0151 hozz\u00e1j\u00e1rul\u00e1s eset\u00e9n az Adatokat a hozz\u00e1j\u00e1rul\u00e1s visszavon\u00e1s\u00e1ig kezelik az Adatkezel\u0151k.<\/span><\/td>\n<\/tr>\n<tr>\n<td><b>9.<\/b><\/td>\n<td><b>C\u00edmzettek kateg\u00f3ri\u00e1i<\/b><\/td>\n<td><span>&#8211;\u00a0<\/span><\/td>\n<\/tr>\n<tr>\n<td><b>10.<\/b><\/td>\n<td><b>Az \u00e9rintett jogai<\/b><\/td>\n<td><span>\u00c9rintettet az al\u00e1bbi jogok illetik meg (amely jogok felt\u00e9teleit az ir\u00e1nyad\u00f3 jogszab\u00e1lyok (els\u0151sorban a GDPR) hat\u00e1rozz\u00e1k meg). A jogait az \u00e9rintett \u00fagy gyakorolhatja, hogy k\u00f6zvetlen\u00fcl kapcsolatba l\u00e9p az Adatkezel\u0151kkel annak fent meghat\u00e1rozott el\u00e9rhet\u0151s\u00e9geik \u00fatj\u00e1n \u00e9s pontosan meghat\u00e1rozza, hogy a jogait mely adatok eset\u00e9n k\u00edv\u00e1nja gyakorolni.\u00a0<\/span><\/td>\n<\/tr>\n<tr>\n<td><b>10.1.\u00a0<\/b><\/td>\n<td><b>Hozz\u00e1f\u00e9r\u00e9shez val\u00f3 jog<\/b><\/td>\n<td><span>az Adatkezel\u0151k t\u00e1j\u00e9koztatj\u00e1k az \u00e9rintettet arr\u00f3l, hogy adatkezel\u00e9s folyamatban van-e, illetve amennyiben igen, \u00fagy megadja az azzal kapcsolatos inform\u00e1ci\u00f3kat;<\/span><\/td>\n<\/tr>\n<tr>\n<td><b>10.2.<\/b><\/td>\n<td><b>Helyesb\u00edt\u00e9shez val\u00f3 jog<\/b><\/td>\n<td><span>amennyiben a kezelt adat pontatlan vagy hi\u00e1nyos, \u00fagy az \u00e9rintett k\u00e9relm\u00e9re azt az Adatkezel\u0151k helyesb\u00edtik vagy kieg\u00e9sz\u00edtik;\u00a0<\/span><\/td>\n<\/tr>\n<tr>\n<td><b>10.3.<\/b><\/td>\n<td><b>Elfeledtet\u00e9shez (t\u00f6rl\u00e9shez) val\u00f3 jog\u00a0<\/b><\/td>\n<td><span>amennyiben a szem\u00e9lyes adatokra m\u00e1r nincs sz\u00fcks\u00e9g, a szem\u00e9lyes adatokat az adatkezel\u0151kre ir\u00e1nyad\u00f3 jogi k\u00f6telezetts\u00e9g teljes\u00edt\u00e9s\u00e9hez t\u00f6r\u00f6lni kell vagy az adatkezel\u00e9s nem lenne jogszer\u0171, \u00fagy az Adatkezel\u0151k a szem\u00e9lyes adatokat t\u00f6rlik;\u00a0<\/span><\/td>\n<\/tr>\n<tr>\n<td><b>10.4.<\/b><\/td>\n<td><b>Az adatkezel\u00e9s korl\u00e1toz\u00e1s\u00e1hoz val\u00f3 jog\u00a0<\/b><\/td>\n<td><span>az \u00e9rintett \u00e1ltal val\u00f3sz\u00edn\u0171s\u00edtett pontatlan, jogellenes, sz\u00fcks\u00e9gtelen adatkezel\u00e9s vagy az adatkezel\u00e9s elleni eredm\u00e9nyes tiltakoz\u00e1s eset\u00e9n az Adatkezel\u0151k az adatokat a t\u00e1rol\u00e1s kiv\u00e9tel\u00e9vel kiz\u00e1r\u00f3lag az \u00e9rintett hozz\u00e1j\u00e1rul\u00e1s\u00e1val, vagy az Adatkezel\u0151k, illetve m\u00e1s term\u00e9szetes vagy jogi szem\u00e9ly jogainak v\u00e9delme \u00e9rdek\u00e9ben, vagy fontos k\u00f6z\u00e9rdek\u00e9b\u0151l kezelik;\u00a0<\/span><\/td>\n<\/tr>\n<tr>\n<td><b>10.5.<\/b><\/td>\n<td><b>Tiltakoz\u00e1shoz val\u00f3 jog <\/b><i><span>(k\u00f6zvetlen \u00fczletszerz\u00e9s c\u00e9lj\u00e1t szolg\u00e1l\u00f3 adatkezel\u00e9s eset\u00e9n)<\/span><\/i><\/td>\n<td><span>az \u00e9rintett k\u00e9r\u00e9s\u00e9re az Adatkezel\u0151k megsz\u00fcntetik az adatkezel\u00e9st, kiv\u00e9ve, ha az Adatkezel\u0151k bizony\u00edtj\u00e1k, hogy az adatkezel\u00e9st olyan k\u00e9nyszer\u00edt\u0151 erej\u0171 jogos okok indokolj\u00e1k, amelyek els\u0151bbs\u00e9get \u00e9lveznek az \u00e9rintett \u00e9rdekeivel, jogaival \u00e9s szabads\u00e1gaival szemben, vagy amelyek jogi ig\u00e9nyek el\u0151terjeszt\u00e9s\u00e9hez, \u00e9rv\u00e9nyes\u00edt\u00e9s\u00e9hez vagy v\u00e9delm\u00e9hez kapcsol\u00f3dnak);<\/span><\/td>\n<\/tr>\n<tr>\n<td><b>10.6.<\/b><\/td>\n<td><b>Hozz\u00e1j\u00e1rul\u00e1s visszavon\u00e1s\u00e1hoz val\u00f3 jog<\/b><\/td>\n<td><span>\u00e9rintett jogosult arra, hogy hozz\u00e1j\u00e1rul\u00e1s\u00e1t b\u00e1rmikor visszavonja, amennyiben az adatkezel\u00e9s az \u00e9rintett hozz\u00e1j\u00e1rul\u00e1s\u00e1n alapul. A hozz\u00e1j\u00e1rul\u00e1s visszavon\u00e1sa nem \u00e9rinti a hozz\u00e1j\u00e1rul\u00e1son alapul\u00f3, a visszavon\u00e1s el\u0151tti adatkezel\u00e9s jogszer\u0171s\u00e9g\u00e9t.<\/span><\/td>\n<\/tr>\n<tr>\n<td><b>11.<\/b><\/td>\n<td><b>Jogorvoslati lehet\u0151s\u00e9gek<\/b><\/td>\n<td><span>Az \u00e9rintett a jogai felt\u00e9telezett megs\u00e9rt\u00e9se eset\u00e9re panasszal fordulhat a Nemzeti Adatv\u00e9delmi \u00e9s Inform\u00e1ci\u00f3szabads\u00e1g Hat\u00f3s\u00e1ghoz (c\u00edm: 1055 Budapest, Falk Miksa utca 9-11., telefon: +36-1-391-1400, telefax: +36-1-391-1410, e-mail: ugyfelszolgalat@naih.hu) vagy b\u00edr\u00f3s\u00e1ghoz fordulhat.<\/span><\/p>\n<p><span>\u00a0A per elb\u00edr\u00e1l\u00e1sa a t\u00f6rv\u00e9nysz\u00e9k hat\u00e1sk\u00f6r\u00e9be tartozik. A per \u2013 az \u00e9rintett v\u00e1laszt\u00e1sa szerint \u2013 a lak\u00f3helye szerinti t\u00f6rv\u00e9nysz\u00e9k el\u0151tt is megind\u00edthat\u00f3 (a t\u00f6rv\u00e9nysz\u00e9kek felsorol\u00e1s\u00e1t \u00e9s el\u00e9rhet\u0151s\u00e9g\u00e9t az al\u00e1bbi linken kereszt\u00fcl tekintheti meg: <\/span><a href=\"http:\/\/birosag.hu\/torvenyszekek\"><span>http:\/\/birosag.hu\/torvenyszekek<\/span><\/a><span>).<\/span><\/td>\n<\/tr>\n<tr>\n<td><b>12.<\/b><\/td>\n<td><b>Az adatkezel\u00e9s biztons\u00e1ga \u00e9rdek\u00e9ben alkalmazott technikai \u00e9s szervez\u00e9si int\u00e9zked\u00e9sek le\u00edr\u00e1sa<\/b><\/td>\n<td><span>A sz\u00fcks\u00e9ges \u00e9s megfelel\u0151, komplex inform\u00e1ci\u00f3biztons\u00e1gi szintet a k\u00f6vetkez\u0151 int\u00e9zked\u00e9sek biztos\u00edtj\u00e1k bizalmass\u00e1g, s\u00e9rtetlens\u00e9g \u00e9s rendelkez\u00e9sre \u00e1ll\u00e1s tekintet\u00e9ben: (i) komplex adminisztrat\u00edv \u00e9s technikai v\u00e9delmi int\u00e9zked\u00e9sek (bels\u0151 adatv\u00e9delmi szab\u00e1lyzat, egy\u00e9b az adatkezel\u00e9st is \u00e9rint\u0151 k\u00f6telez\u0151en betartand\u00f3 szab\u00e1lyzatok), (ii) az adatkezel\u00e9si folyamatok rendszeres ellen\u0151rz\u00e9se \u00e9s folyamatos kock\u00e1zatelemz\u00e9s alapj\u00e1n a v\u00e9delmi int\u00e9zked\u00e9sek folytonos testre szab\u00e1sa, tov\u00e1bb\u00e1 megfelel\u0151 garanci\u00e1kat biztos\u00edt\u00f3 adatfeldolgoz\u00e1si szerz\u0151d\u00e9s az adatfeldolgoz\u00f3kkal, (iii) szem\u00e9lyi biztons\u00e1gi int\u00e9zked\u00e9sek, (iv) adatkezel\u00e9sben r\u00e9szt vev\u0151k t\u00e1j\u00e9koztat\u00e1sa \u00e9s oktat\u00e1sa, az adatv\u00e9delem sz\u00fcks\u00e9gess\u00e9g\u00e9nek tudatos\u00edt\u00e1sa.<\/span><\/td>\n<\/tr>\n<tr>\n<td><b>13.<\/b><\/td>\n<td><b>Kelt<\/b><\/td>\n<td><span>2025. november 24.<\/span><\/td>\n<\/tr>\n<\/tbody>\n<\/table>\n<p><b>R\u00e9szletesebb t\u00e1j\u00e9koztat\u00e1s\u00e9rt, k\u00e9rj\u00fck, keresse az Adatkezel\u0151ket a fent megadott el\u00e9rhet\u0151s\u00e9gek valamelyik\u00e9n.<\/b><\/p>\n<p><b>18 \u00e9ven aluli \u00e9rintett eset\u00e9n nyilatkozatt\u00e9telre az \u00e9rintett t\u00f6rv\u00e9nyes k\u00e9pvisel\u0151je jogosult.\u00a0<\/b><\/p>\n<p><b>Adatkezel\u0151k jogosultak \u00e9rintettet felh\u00edvni arra, hogy t\u00f6rv\u00e9nyes k\u00e9pvisel\u0151je \u00edr\u00e1sbeli nyilatkozattal igazolja az adatkezel\u00e9si hozz\u00e1j\u00e1rul\u00e1s megad\u00e1s\u00e1t.<\/b><\/p>\n<p><b>Amennyiben harmadik szem\u00e9ly \u00e9rintett szem\u00e9lyes adat\u00e1t adja meg, \u00fagy az adatok megad\u00e1s\u00e1val egy\u00fattal kijelenti, hogy a harmadik szem\u00e9ly \u00e9rintett a t\u00e1j\u00e9koztat\u00e1st megismerte, az adatkezel\u00e9shez hozz\u00e1j\u00e1rul\u00e1s\u00e1t adta. Amennyiben az adatokat ennek ellen\u00e9re bocs\u00e1tja az Adatkezel\u0151k rendelkez\u00e9s\u00e9re, az Adatkezel\u0151ket \u00e9rt valamennyi h\u00e1tr\u00e1nyos jogk\u00f6vetkezm\u00e9ny\u00e9rt az adatokat felhatalmaz\u00e1s n\u00e9lk\u00fcl megad\u00f3 szem\u00e9ly felel.<\/b><\/p>\n<\/div>\n<\/div><\/div><\/div><\/div><\/div><\/div><\/section>\n","protected":false},"excerpt":{"rendered":"Privacy Policy kapcsolatfelv\u00e9tel, kapcsolattart\u00e1s, aj\u00e1nlatk\u00e9r\u00e9s \u00e9rdek\u00e9ben t\u00f6rt\u00e9n\u0151 adatkezel\u00e9sr\u0151l A Bayer Property Zrt. (sz\u00e9khelye: 2038 S\u00f3sk\u00fat, Homokb\u00e1nya \u00fat 3.; c\u00e9gjegyz\u00e9ksz\u00e1ma: 13-10-041948, e-mail c\u00edme: info@bayerproperty.com tov\u00e1bbiakban: az \u201eAdatkezel\u01511\u201d) \u00e9s a Southblaze Kft. (sz\u00e9khelye: 1138 Budapest, V\u00e1ci \u00fat 152-158.; c\u00e9gjegyz\u00e9ksz\u00e1ma: 01-09-378975, e-mail c\u00edme: info@langnegyed.hu) tov\u00e1bbiakban: az \u201eAdatkezel\u01512\u201d) (Adatkezel\u01511 \u00e9s Adatkezel\u01512 a tov\u00e1bbiakban egy\u00fcttesen hivatkozva: Adatkezel\u0151k) ingatlanfejleszt\u00e9ssel, k\u00f6zvet\u00edt\u00e9ssel \u00e9s...","protected":false},"author":1,"featured_media":0,"parent":0,"menu_order":0,"comment_status":"closed","ping_status":"closed","template":"","meta":{"_acf_changed":false,"footnotes":""},"class_list":["post-806","page","type-page","status-publish","hentry"],"acf":[],"yoast_head":"<!-- This site is optimized with the Yoast SEO Premium plugin v26.7 (Yoast SEO v26.7) - https:\/\/yoast.com\/wordpress\/plugins\/seo\/ -->\n<title>Privacy Policy - L\u00e1ng Negyed<\/title>\n<meta name=\"robots\" content=\"index, follow, max-snippet:-1, max-image-preview:large, max-video-preview:-1\" \/>\n<link rel=\"canonical\" href=\"https:\/\/www.langnegyed.hu\/en\/privacy-policy\/\" \/>\n<meta property=\"og:locale\" content=\"en_US\" \/>\n<meta property=\"og:type\" content=\"article\" \/>\n<meta property=\"og:title\" content=\"Privacy Policy\" \/>\n<meta property=\"og:url\" content=\"https:\/\/www.langnegyed.hu\/en\/privacy-policy\/\" \/>\n<meta property=\"og:site_name\" content=\"L\u00e1ng Negyed\" \/>\n<meta property=\"article:publisher\" content=\"https:\/\/www.facebook.com\/profile.php?id=61583329546691\" \/>\n<meta property=\"article:modified_time\" content=\"2025-12-17T21:23:40+00:00\" \/>\n<meta property=\"og:image\" content=\"https:\/\/www.langnegyed.hu\/wp-content\/uploads\/2026\/01\/Lang_Lako_11-25_.0008-copy_sm.jpg\" \/>\n\t<meta property=\"og:image:width\" content=\"2000\" \/>\n\t<meta property=\"og:image:height\" content=\"1500\" \/>\n\t<meta property=\"og:image:type\" content=\"image\/jpeg\" \/>\n<meta name=\"twitter:card\" content=\"summary_large_image\" \/>\n<meta name=\"twitter:label1\" content=\"Est. reading time\" \/>\n\t<meta name=\"twitter:data1\" content=\"5 minutes\" \/>\n<script type=\"application\/ld+json\" class=\"yoast-schema-graph\">{\"@context\":\"https:\/\/schema.org\",\"@graph\":[{\"@type\":\"WebPage\",\"@id\":\"https:\/\/www.langnegyed.hu\/en\/privacy-policy\/\",\"url\":\"https:\/\/www.langnegyed.hu\/en\/privacy-policy\/\",\"name\":\"Privacy Policy - L\u00e1ng Negyed\",\"isPartOf\":{\"@id\":\"https:\/\/www.langnegyed.hu\/#website\"},\"datePublished\":\"2025-11-17T12:45:38+00:00\",\"dateModified\":\"2025-12-17T21:23:40+00:00\",\"breadcrumb\":{\"@id\":\"https:\/\/www.langnegyed.hu\/en\/privacy-policy\/#breadcrumb\"},\"inLanguage\":\"en-US\",\"potentialAction\":[{\"@type\":\"ReadAction\",\"target\":[\"https:\/\/www.langnegyed.hu\/en\/privacy-policy\/\"]}]},{\"@type\":\"BreadcrumbList\",\"@id\":\"https:\/\/www.langnegyed.hu\/en\/privacy-policy\/#breadcrumb\",\"itemListElement\":[{\"@type\":\"ListItem\",\"position\":1,\"name\":\"Kezd\u0151lap\",\"item\":\"https:\/\/www.langnegyed.hu\/\"},{\"@type\":\"ListItem\",\"position\":2,\"name\":\"Privacy Policy\"}]},{\"@type\":\"WebSite\",\"@id\":\"https:\/\/www.langnegyed.hu\/#website\",\"url\":\"https:\/\/www.langnegyed.hu\/\",\"name\":\"L\u00e1ng Negyed\",\"description\":\"\",\"publisher\":{\"@id\":\"https:\/\/www.langnegyed.hu\/#organization\"},\"potentialAction\":[{\"@type\":\"SearchAction\",\"target\":{\"@type\":\"EntryPoint\",\"urlTemplate\":\"https:\/\/www.langnegyed.hu\/?s={search_term_string}\"},\"query-input\":{\"@type\":\"PropertyValueSpecification\",\"valueRequired\":true,\"valueName\":\"search_term_string\"}}],\"inLanguage\":\"en-US\"},{\"@type\":\"Organization\",\"@id\":\"https:\/\/www.langnegyed.hu\/#organization\",\"name\":\"L\u00e1ng Negyed\",\"url\":\"https:\/\/www.langnegyed.hu\/\",\"logo\":{\"@type\":\"ImageObject\",\"inLanguage\":\"en-US\",\"@id\":\"https:\/\/www.langnegyed.hu\/#\/schema\/logo\/image\/\",\"url\":\"https:\/\/www.langnegyed.hu\/wp-content\/uploads\/2025\/11\/logo-b.png\",\"contentUrl\":\"https:\/\/www.langnegyed.hu\/wp-content\/uploads\/2025\/11\/logo-b.png\",\"width\":252,\"height\":375,\"caption\":\"L\u00e1ng Negyed\"},\"image\":{\"@id\":\"https:\/\/www.langnegyed.hu\/#\/schema\/logo\/image\/\"},\"sameAs\":[\"https:\/\/www.facebook.com\/profile.php?id=61583329546691\"]}]}<\/script>\n<!-- \/ Yoast SEO Premium plugin. -->","yoast_head_json":{"title":"Privacy Policy - L\u00e1ng Negyed","robots":{"index":"index","follow":"follow","max-snippet":"max-snippet:-1","max-image-preview":"max-image-preview:large","max-video-preview":"max-video-preview:-1"},"canonical":"https:\/\/www.langnegyed.hu\/en\/privacy-policy\/","og_locale":"en_US","og_type":"article","og_title":"Privacy Policy","og_url":"https:\/\/www.langnegyed.hu\/en\/privacy-policy\/","og_site_name":"L\u00e1ng Negyed","article_publisher":"https:\/\/www.facebook.com\/profile.php?id=61583329546691","article_modified_time":"2025-12-17T21:23:40+00:00","og_image":[{"width":2000,"height":1500,"url":"https:\/\/www.langnegyed.hu\/wp-content\/uploads\/2026\/01\/Lang_Lako_11-25_.0008-copy_sm.jpg","type":"image\/jpeg"}],"twitter_card":"summary_large_image","twitter_misc":{"Est. reading time":"5 minutes"},"schema":{"@context":"https:\/\/schema.org","@graph":[{"@type":"WebPage","@id":"https:\/\/www.langnegyed.hu\/en\/privacy-policy\/","url":"https:\/\/www.langnegyed.hu\/en\/privacy-policy\/","name":"Privacy Policy - L\u00e1ng Negyed","isPartOf":{"@id":"https:\/\/www.langnegyed.hu\/#website"},"datePublished":"2025-11-17T12:45:38+00:00","dateModified":"2025-12-17T21:23:40+00:00","breadcrumb":{"@id":"https:\/\/www.langnegyed.hu\/en\/privacy-policy\/#breadcrumb"},"inLanguage":"en-US","potentialAction":[{"@type":"ReadAction","target":["https:\/\/www.langnegyed.hu\/en\/privacy-policy\/"]}]},{"@type":"BreadcrumbList","@id":"https:\/\/www.langnegyed.hu\/en\/privacy-policy\/#breadcrumb","itemListElement":[{"@type":"ListItem","position":1,"name":"Kezd\u0151lap","item":"https:\/\/www.langnegyed.hu\/"},{"@type":"ListItem","position":2,"name":"Privacy Policy"}]},{"@type":"WebSite","@id":"https:\/\/www.langnegyed.hu\/#website","url":"https:\/\/www.langnegyed.hu\/","name":"L\u00e1ng Negyed","description":"","publisher":{"@id":"https:\/\/www.langnegyed.hu\/#organization"},"potentialAction":[{"@type":"SearchAction","target":{"@type":"EntryPoint","urlTemplate":"https:\/\/www.langnegyed.hu\/?s={search_term_string}"},"query-input":{"@type":"PropertyValueSpecification","valueRequired":true,"valueName":"search_term_string"}}],"inLanguage":"en-US"},{"@type":"Organization","@id":"https:\/\/www.langnegyed.hu\/#organization","name":"L\u00e1ng Negyed","url":"https:\/\/www.langnegyed.hu\/","logo":{"@type":"ImageObject","inLanguage":"en-US","@id":"https:\/\/www.langnegyed.hu\/#\/schema\/logo\/image\/","url":"https:\/\/www.langnegyed.hu\/wp-content\/uploads\/2025\/11\/logo-b.png","contentUrl":"https:\/\/www.langnegyed.hu\/wp-content\/uploads\/2025\/11\/logo-b.png","width":252,"height":375,"caption":"L\u00e1ng Negyed"},"image":{"@id":"https:\/\/www.langnegyed.hu\/#\/schema\/logo\/image\/"},"sameAs":["https:\/\/www.facebook.com\/profile.php?id=61583329546691"]}]}},"_links":{"self":[{"href":"https:\/\/www.langnegyed.hu\/en\/wp-json\/wp\/v2\/pages\/806","targetHints":{"allow":["GET"]}}],"collection":[{"href":"https:\/\/www.langnegyed.hu\/en\/wp-json\/wp\/v2\/pages"}],"about":[{"href":"https:\/\/www.langnegyed.hu\/en\/wp-json\/wp\/v2\/types\/page"}],"author":[{"embeddable":true,"href":"https:\/\/www.langnegyed.hu\/en\/wp-json\/wp\/v2\/users\/1"}],"replies":[{"embeddable":true,"href":"https:\/\/www.langnegyed.hu\/en\/wp-json\/wp\/v2\/comments?post=806"}],"version-history":[{"count":2,"href":"https:\/\/www.langnegyed.hu\/en\/wp-json\/wp\/v2\/pages\/806\/revisions"}],"predecessor-version":[{"id":808,"href":"https:\/\/www.langnegyed.hu\/en\/wp-json\/wp\/v2\/pages\/806\/revisions\/808"}],"wp:attachment":[{"href":"https:\/\/www.langnegyed.hu\/en\/wp-json\/wp\/v2\/media?parent=806"}],"curies":[{"name":"wp","href":"https:\/\/api.w.org\/{rel}","templated":true}]}}